{"id":43,"date":"2018-06-01T22:22:20","date_gmt":"2018-06-01T20:22:20","guid":{"rendered":"https:\/\/www.am-simssee.de\/?page_id=43"},"modified":"2024-06-18T13:50:43","modified_gmt":"2024-06-18T11:50:43","slug":"ausstattung","status":"publish","type":"page","link":"https:\/\/www.am-simssee.de\/index.php\/ausstattung\/","title":{"rendered":"Ausstattung Ferienwohnung"},"content":{"rendered":"<p>Unsere Ferienwohnung befindet sich im 1. Stock und \u00a0ist ca. 40 m2 gro\u00df. Somit f\u00fcr \u00a02 (+2) Personen bestens geeignet. Sie besteht aus einem ger\u00e4umigen Wohn- und Schlafbereich und einem modern gestalteten Bad mit Dusche und WC.<\/p>\n<p>Eine gro\u00dfz\u00fcgige Terrasse l\u00e4dt zum Fr\u00fchst\u00fcck in der Sonne, zum Entspannen oder zum gem\u00fctlichen Ausklang am Abend ein.<\/p>\n<p>Breitbandinternet mit W-LAN steht kostenfrei zur Verf\u00fcgung.<\/p>\n<p><strong>K\u00fcche<\/strong><img decoding=\"async\" class=\" wp-image-49 alignright\" src=\"https:\/\/www.am-simssee.de\/wp-content\/uploads\/2018\/06\/K\u00fcche-Wohnbereich-300x200.jpg\" alt=\"\" width=\"270\" height=\"180\" srcset=\"https:\/\/www.am-simssee.de\/wp-content\/uploads\/2018\/06\/K\u00fcche-Wohnbereich-300x200.jpg 300w, https:\/\/www.am-simssee.de\/wp-content\/uploads\/2018\/06\/K\u00fcche-Wohnbereich-768x512.jpg 768w, https:\/\/www.am-simssee.de\/wp-content\/uploads\/2018\/06\/K\u00fcche-Wohnbereich.jpg 1024w\" sizes=\"(max-width: 270px) 100vw, 270px\" \/><\/p>\n<ul>\n<li>Volle Ausstattung (Besteck, Geschirr,&#8230;)<\/li>\n<li>Cerankochfeld und Backofen<\/li>\n<li>Sp\u00fclmaschine<\/li>\n<li>K\u00fchl-Gefrier-Kombination<\/li>\n<li>Wasserkocher<\/li>\n<li>Senso &#8211; Kaffeemaschine und French-Press-Kanne<\/li>\n<li>Toaster<\/li>\n<li>Kleiner Vorrat an Essig, \u00d6l, Salz, Gew\u00fcrzen<\/li>\n<li>Sp\u00fclmittel, Geschirrt\u00fccher<br \/>\n<img fetchpriority=\"high\" decoding=\"async\" class=\" wp-image-50 alignright\" src=\"https:\/\/www.am-simssee.de\/wp-content\/uploads\/2018\/06\/Schlafbereich-300x200.jpg\" alt=\"\" width=\"276\" height=\"184\" srcset=\"https:\/\/www.am-simssee.de\/wp-content\/uploads\/2018\/06\/Schlafbereich-300x200.jpg 300w, https:\/\/www.am-simssee.de\/wp-content\/uploads\/2018\/06\/Schlafbereich-768x512.jpg 768w, https:\/\/www.am-simssee.de\/wp-content\/uploads\/2018\/06\/Schlafbereich.jpg 1024w\" sizes=\"(max-width: 276px) 100vw, 276px\" \/><\/li>\n<\/ul>\n<p><strong>Wohn- und Schlafbereich<\/strong><\/p>\n<ul>\n<li>Esstisch<\/li>\n<li>Couch (ausklappbar)<\/li>\n<li>Doppelbett mit zwei hochwertigen Matratzen<\/li>\n<\/ul>\n<p><strong>Badezimmer<\/strong><img decoding=\"async\" class=\" wp-image-48 alignright\" src=\"https:\/\/www.am-simssee.de\/wp-content\/uploads\/2018\/06\/IMG_9130-e1527927177263-200x300.jpg\" alt=\"\" width=\"179\" height=\"269\" srcset=\"https:\/\/www.am-simssee.de\/wp-content\/uploads\/2018\/06\/IMG_9130-e1527927177263-200x300.jpg 200w, https:\/\/www.am-simssee.de\/wp-content\/uploads\/2018\/06\/IMG_9130-e1527927177263-768x1152.jpg 768w, https:\/\/www.am-simssee.de\/wp-content\/uploads\/2018\/06\/IMG_9130-e1527927177263-683x1024.jpg 683w\" sizes=\"(max-width: 179px) 100vw, 179px\" \/><\/p>\n<ul>\n<li>Ger\u00e4umige Dusche<\/li>\n<li>Waschmaschine<\/li>\n<li>W\u00e4schest\u00e4nder<\/li>\n<li>Haartrockner<\/li>\n<li>Hand- und Duscht\u00fccher<\/li>\n<li>Seife und Duschgel<\/li>\n<\/ul>\n<p><strong>Terrasse<\/strong><\/p>\n<ul>\n<li>12m\u00b2<\/li>\n<li>Tisch mit Sitzgelegenheiten<\/li>\n<li>Markise<\/li>\n<li>Sonnenliege<\/li>\n<\/ul>\n<p><strong>Au\u00dferdem<\/strong><\/p>\n<ul>\n<li>Seit 2024 steht unseren Ferieng\u00e4sten auch eine Lades\u00e4ule f\u00fcr E-Autos zur Verf\u00fcgung<\/li>\n<\/ul>\n","protected":false},"excerpt":{"rendered":"<p>Unsere Ferienwohnung befindet sich im 1. Stock und \u00a0ist ca. 40 m2 gro\u00df. Somit f\u00fcr \u00a02 (+2) Personen bestens geeignet. Sie besteht aus einem ger\u00e4umigen Wohn- und Schlafbereich und einem modern gestalteten Bad mit Dusche und WC. Eine gro\u00dfz\u00fcgige Terrasse l\u00e4dt zum Fr\u00fchst\u00fcck in der Sonne, zum Entspannen oder zum&#8230;<\/p>\n","protected":false},"author":1,"featured_media":0,"parent":0,"menu_order":0,"comment_status":"closed","ping_status":"closed","template":"","meta":{"_monsterinsights_skip_tracking":false,"_monsterinsights_sitenote_active":false,"_monsterinsights_sitenote_note":"","_monsterinsights_sitenote_category":0},"_links":{"self":[{"href":"https:\/\/www.am-simssee.de\/index.php\/wp-json\/wp\/v2\/pages\/43"}],"collection":[{"href":"https:\/\/www.am-simssee.de\/index.php\/wp-json\/wp\/v2\/pages"}],"about":[{"href":"https:\/\/www.am-simssee.de\/index.php\/wp-json\/wp\/v2\/types\/page"}],"author":[{"embeddable":true,"href":"https:\/\/www.am-simssee.de\/index.php\/wp-json\/wp\/v2\/users\/1"}],"replies":[{"embeddable":true,"href":"https:\/\/www.am-simssee.de\/index.php\/wp-json\/wp\/v2\/comments?post=43"}],"version-history":[{"count":17,"href":"https:\/\/www.am-simssee.de\/index.php\/wp-json\/wp\/v2\/pages\/43\/revisions"}],"predecessor-version":[{"id":785,"href":"https:\/\/www.am-simssee.de\/index.php\/wp-json\/wp\/v2\/pages\/43\/revisions\/785"}],"wp:attachment":[{"href":"https:\/\/www.am-simssee.de\/index.php\/wp-json\/wp\/v2\/media?parent=43"}],"curies":[{"name":"wp","href":"https:\/\/api.w.org\/{rel}","templated":true}]}}